{"id":10421,"date":"2022-02-11T20:05:25","date_gmt":"2022-02-11T18:05:25","guid":{"rendered":"http:\/\/gav.hr\/?page_id=10421"},"modified":"2022-02-11T20:07:20","modified_gmt":"2022-02-11T18:07:20","slug":"politika-privatnosti","status":"publish","type":"page","link":"https:\/\/gav.hr\/?page_id=10421","title":{"rendered":"Politika privatnosti"},"content":{"rendered":"\n<p>Ova Politika privatnosti, utemeljena na <strong>Op\u0107oj uredbi o za\u0161titi podataka (GDPR<\/strong>), obja\u0161njava koji se osobni podaci prikupljaju u vezi s&nbsp; \u0161kolskim aktivnostima, kako te podatke obra\u0111ujemo, koristimo i \u0161titimo, u koje ih svrhe upotrebljavamo, kao i&nbsp; prava povezana s va\u0161im podacima.<\/p>\n\n\n\n<p>U slu\u010daju vi\u0161e sile potresa, poplave, pandemije i sli\u010dno nastava u \u0161koli mo\u017ee se odr\u017eavati on line putem Google Classroom.<\/p>\n\n\n\n<p>Za vrijeme redovnog odr\u017eavanja nastave ili pak on line nastave&nbsp; postoji dosta roditeljskih i u\u010deni\u010dkih grupa s nastavnicima \u0161kole na WhatsAppu, Viberu te kori\u0161tenje Gmaila u svrhu provo\u0111enja nastavnih programa&nbsp; kori\u0161tenjem osobnih podataka u\u010denika ili roditelja.&nbsp;<\/p>\n\n\n\n<p>Radi toga obavje\u0161tavaju se roditelji, u\u010denici i nastavnici da osobni podaci koji se koriste u tu svrhu mogu se koristiti isklju\u010divo u svrhu provo\u0111enja nastavnog programa odnosno va\u017enih obavijesti za u\u010denike, roditelje, nastavnike koji su isklju\u010divo vezani za nastavni plan i program i njegovo provo\u0111enje te se isti nikako ne smiju u druge svrhe provoditi.<\/p>\n\n\n\n<p>Google Classroom je aplikacija za timski rad pomo\u0107u koje se mo\u017ee:&nbsp;<\/p>\n\n\n\n<ul><li>Sura\u0111ivati i razgovarati s&nbsp; nastavnicima i u\u010denicima&nbsp;<\/li><li>Zakazivati sastanke i odr\u017eavati videokonferencije&nbsp;<\/li><li>Dijeliti sadr\u017eaje&nbsp;<\/li><li>Dodavati razli\u010dite aplikacije<\/li><\/ul>\n\n\n\n<p>Prijava u Google Classroom &nbsp;vr\u0161i se u internetskom pregledniku na na\u010din da se&nbsp; otvori mre\u017ena stranica <a href=\"https:\/\/classroom.google.com\/\">https:\/\/classroom.google.com\/<\/a><\/p>\n\n\n\n<p>Radi sigurnosti i za\u0161tite osobnih podataka u\u010denika i nastavnika najprije se upi\u0161u AAI korisni\u010dko ime i lozinka te klikne&nbsp; na Prijava. Korisni\u010dko ime i zaporku dobio je svaki nastavnik i svi u\u010denici kako bi mogli pratiti nastavu putem Google Classroom aplikacije. Korisni\u010dkim imenom i zaporkom mogu se koristiti samo osobe kojima je dano to korisni\u010dko ime i zaporka za nesmetano odvijanje nastave&nbsp; i to ne smiju davati drugim osobama, niti ostaviti prijavu otvorenu nakon rada kako nitko drugi ne bi mogao do\u0107i do podataka koji su tajni i povjerljivi. Naro\u010dito osobni podaci u\u010denika koji su mla\u0111i od 16 godina nikako ne trebali biti dostupni osobama kojima nije dodijeljeno korisni\u010dko ime i zaporka.&nbsp;<\/p>\n\n\n\n<p>Znati razliku: osobni i osjetljivi podaci<\/p>\n\n\n\n<p>Osobni podaci sadr\u017eavaju bilo koje informacije kojima se mo\u017ee pomo\u0107i identificirati osobu ili njezinu obitelj. U \u0161kolskim zapisima, to bi mogla biti njihova imena, njihova adresa, njihovi podaci za kontakt, njihovi zapisi o disciplinskim postupcima kao i njihove svjedod\u017ebe te izvje\u0161\u0107a o napretku. Ta vrsta podataka ostaje \u201eosobna\u201c \u010dak i ako osoba odlu\u010di objaviti te podatke.<\/p>\n\n\n\n<p>Posebnu kategoriju podataka \u010dine osjetljivije teme. Kad je rije\u010d o \u0161kolama, obuhva\u0107eni su biometrijski podaci u\u010denika (npr. otisci prstiju, fotografije), vjerska uvjerenja (npr. odluka u\u010denika da poha\u0111a vjeronauk), zdravlje (npr. alergije) ili prehrambeni zahtjevi (koji mogu ukazati na njihovu vjeru ili zdravlje). Podaci u toj kategoriji mogu izlo\u017eiti ljude riziku te ih je stoga mogu\u0107e obra\u0111ivati jedino u odre\u0111enim uvjetima. \u0160kole ih vjerojatno ne\u0107e mo\u0107i koristiti bez roditeljske privole.<\/p>\n\n\n\n<p>Google Classroom je aplikacija za timski rad te je obvezna sve podatke pohranjene i otvorene na mre\u017enoj stranici Google Classroom \u010duvati na na\u010din propisan Uredbom i Zakonom o za\u0161titi osobnih podataka.&nbsp;<\/p>\n\n\n\n<p><strong>NA\u0160E TEMELJNO NA\u010cELO JE PRIVATNOST I ZA\u0160TITA OSOBNIH PODATAKA<\/strong><\/p>\n\n\n\n<p>Privatnost pojedinaca i za\u0161tita osobnih podataka ljudska su prava. Mi u&nbsp; \u0161koli&nbsp; imamo du\u017enost brinuti za privatnost pojedinaca \u010dije osobne podatke obra\u0111ujemo i pohranjujemo. Podaci su odgovornost, i moraju se prikupljati i obra\u0111ivati samo kada je apsolutno neophodno.<\/p>\n\n\n\n<p>\u0160kola&nbsp; se dr\u017ei sljede\u0107ih na\u010dela s ciljem za\u0161tite privatnosti svojih u\u010denika, njihovih roditelja ili skrbnika, na\u0161ih zaposlenika, gostiju i posjetitelja:<\/p>\n\n\n\n<ul><li>Ne prikupljamo vi\u0161e informacija nego \u0161to je potrebno<\/li><li>Osobne podatke ne koristimo u svrhe koje nisu navedene<\/li><li>Ne \u010duvamo osobne podatke ako vi\u0161e nije potrebno<\/li><li>Nikada ne prodajemo, posu\u0111ujemo ili distribuiramo niti javno objavljujemo osobne podatke<\/li><li>Osobne podatke ne \u0161aljemo tre\u0107im stranama bez va\u0161eg znanja<\/li><li>Ne koristimo nikakvu automatiziranu obradu i dono\u0161enje odluka niti profiliranje<\/li><li>Osobne podatke ne prenosimo izvan EU\/EEA<\/li><li>Osobne podatke ne koristimo u svrhe koje nisu navedene<\/li><li>Kontinuirano osiguravamo da su osobni podaci sigurno pohranjeni.<\/li><\/ul>\n\n\n\n<p>Va\u017eno je pro\u010ditati ovu na\u0161u Politiku privatnosti i nadamo se da \u0107ete izdvojiti vrijeme i va\u0161u pozornost. Trudili smo se da bude napisana \u0161to jasnije i da bude svakom razumljiva, sa \u017eeljom da zadr\u017eimo va\u0161e puno povjerenje u na\u010din kako postupamo s va\u0161im osobnim podacima.<\/p>\n\n\n\n<p>Ako \u0107ete, nakon \u0161to ih pro\u010ditate, imati daljnja pitanja o za\u0161titi osobnih podataka ili nam \u017eelite prenijeti svoje ideje i preporuke, molimo obratite nam se putem kontakata Slu\u017ebenika za za\u0161titu podataka:<\/p>\n\n\n\n<p><strong>Slu\u017ebenik za za\u0161titu podataka<\/strong><\/p>\n\n\n\n<p>e-mail: <a href=\"<script>MailGuard('gimnazija','gav.hr')<\/script>\"><script>MailGuard('gimnazija','gav.hr')<\/script><\/a><\/p>\n\n\n\n<p>tel.: 022\/213-276<\/p>\n\n\n\n<p>Ova Politika privatnosti, kao i na\u0161a internetska stranica, dizajnirana je sa svrhom osiguranja visoke razine za\u0161tite va\u0161ih osobnih podataka te \u0107e se kontinuirano a\u017eurirati i unaprje\u0111ivati.<\/p>\n\n\n\n<p>Ova Politika privatnosti a\u017eurirana je 10.2.2022. godine.&nbsp;<\/p>\n\n\n\n<h1 class=\"has-normal-font-size\">VODITELJ OBRADE<\/h1>\n\n\n\n<p>&nbsp;\u0160kola nastupa u odnosu na osobne podatke na\u0161ih u\u010denika, roditelja ili skrbnika&nbsp; te gostiju i posjetitelja, u ulozi voditelja obrade, koji odre\u0111uje svrhe i na\u010dine obrada va\u0161ih osobnih podataka te brine o osiguravanju svih mjera sigurnosti va\u0161ih osobnih podataka. Voditelj obrade va\u0161ih osobnih podataka putem ove web stranice je:<\/p>\n\n\n\n<p><strong>GIMNAZIJA ANTUNA VRAN\u010cI\u0106A, Put Gimnazije 64, 22000 \u0160ibenik<\/strong><\/p>\n\n\n\n<p><strong>KAKO I KOJE VA\u0160E PODATKE PRIKUPLJAMO?<\/strong><\/p>\n\n\n\n<h1 class=\"has-normal-font-size\">Podaci koji se ti\u010du u\u010denika, roditelja i skrbnika u\u010denika te zaposlenika \u0161kole<\/h1>\n\n\n\n<p>U skladu sa Zakonom o odgoju i obrazovanju u osnovnoj i srednjoj \u0161koli i podzakonskim propisima, djelatnost osnovnog odgoja i obrazovanja obavlja se kao javna slu\u017eba.<\/p>\n\n\n\n<p>Na osnovi javnih ovlasti \u0160kola izme\u0111u ostalog obavlja sljede\u0107e poslove:<\/p>\n\n\n\n<p>&nbsp;&#8211; Upise u \u0160kolu i ispise iz \u0160kole vo\u0111enjem odgovaraju\u0107e evidencije i dokumentacije;<\/p>\n\n\n\n<p>&#8211; &nbsp;Vrednovanje i ocjenjivanje u\u010denika te vo\u0111enje evidencija o vrednovanju i ocjenjivanju, kao i vo\u0111enje evidencija o u\u010deni\u010dkim postignu\u0107ima kako u u\u010dionicama tako i on line nastavom;&nbsp;<\/p>\n\n\n\n<p>&#8211; Izricanje pedago\u0161kih mjera i vo\u0111enje evidencija o istima;<\/p>\n\n\n\n<p>&#8211; Izdavanje javnih isprava i drugih potvrda;<\/p>\n\n\n\n<p>&#8211; Upisivanje podataka o odgojno-obrazovnom radu u zajedni\u010dki upisnik \u0161kolskih ustanova u elektroni\u010dkom obliku \u2013 e-Matica, za koju obradu je Ministarstvo znanosti i obrazovanja voditelj obrade, dok je istovremeno \u0160kola voditelj obrade za osobne podatke kojima sama raspola\u017ee, te pri tom prikuplja, obra\u0111uje, pohranjuje osobne podatke:<\/p>\n\n\n\n<ul><li>Zaposlenika \u0160kole,<\/li><li>U\u010denika \u0160kole i njihovih nositelja roditeljske odgovornosti,<\/li><li>\u010clanova \u0160kolskog odbora i Vije\u0107a roditelja,<\/li><li>Kandidata koji sudjeluju u natje\u010dajnom postupku zapo\u0161ljavanja,<\/li><\/ul>\n\n\n\n<p>u skladu s na\u010dinima i rokovima odre\u0111enima Zakonom o odgoju i obrazovanju u osnovnoj i srednjoj \u0161koli i podzakonskim propisima, te ih u odre\u0111enim slu\u010dajevima i javno objavljuje na web stranicama \u0160kole.<\/p>\n\n\n\n<p>Osobni podaci na\u0161ih u\u010denika, uklju\u010duju\u0107i i fotografije i audio i video zapise, prikupljeni u sklopu aktivnosti na\u0161e \u0160kole u skladu sa \u0160kolskim kurikulumom i Godi\u0161njim planom i programom rada \u0160kole javno se objavljuju na na\u0161im \u0161kolskim web stranicama i \u0161kolskim stranicama na dru\u0161tvenim mre\u017eama, temeljem prethodno dane privole nositelja roditeljske odgovornosti.<\/p>\n\n\n\n<p>Pored toga u Google Classroom aplikaciji obavje\u0161tavaju&nbsp; se&nbsp; u\u010denici i nastavnici te roditelji o po\u010detku on line nastave te na\u010dinu i uvjetima provo\u0111enja iste.&nbsp;<\/p>\n\n\n\n<p>\u0160kola je za\u0161titila te podatke na na\u010din da je ulazak u Google Classroom aplikaciju ograni\u010dila osobama koje posjeduju korisni\u010dko ime i zaporku.&nbsp;&nbsp;<\/p>\n\n\n\n<h1 class=\"has-normal-font-size\">b) Video-nadzor<\/h1>\n\n\n\n<p>\u0160kola koristi sustav video nadzora u svrhe za\u0161tite imovine i sigurnosti u\u010denika, zaposlenika i posjetitelja&nbsp; \u0160kole. Pravilnikom o kori\u0161tenju sustava video nadzora Gimnazije Antuna Vran\u010di\u0107a je definirana svrha i opseg podataka koji se prikupljaju, na\u010din i vrijeme \u010duvanja, te uporaba snimljenih podataka, za\u0161tita prava u\u010denika i ostalih korisnika usluga \u0160kole, zaposlenika i svih drugih osoba koje borave u \u0160koli.&nbsp;<\/p>\n\n\n\n<h1 class=\"has-normal-font-size\">c) Web stranica<\/h1>\n\n\n\n<p>Iako mo\u017eete koristiti na\u0161u web stranicu bez davanja bilo kakvih osobnih podataka, nakon \u0161to nas kontaktirate izravno putem na\u0161ih e-mail adresa, \u0160kola prikuplja informacije o vama. Informacije koje ispunite (osobne informacije kao \u0161to su va\u0161e ime i prezime, adresa e-po\u0161te) ili po\u0161aljete izravnom e-mail porukom bit \u0107e obra\u0111ene i pohranjene kako bismo vas mogli kontaktirati i odgovoriti na va\u0161 zahtjev. \u0160kola ne\u0107e dijeliti va\u0161e osobne podatke s bilo kojom tre\u0107om stranom niti \u0107e im dopustiti pristup. Podaci \u0107e biti kori\u0161teni isklju\u010divo u svrhe daljnjeg kontaktiranja i odgovora na va\u0161 upit.<\/p>\n\n\n\n<p>Ako ste mla\u0111i od 16 godina morate prilo\u017eiti suglasnost nositelja roditeljske odgovornosti prije davanja osobnih podataka. \u0160kola putem vlastite web stranice svjesno ne prikuplja osobne podatke djece mla\u0111e od 16 godina bez odgovaraju\u0107eg pristanka nositelja roditeljske odgovornosti. Ako ste mla\u0111i od 16 godina, molimo da nam ne \u0161aljete nikakve osobne podatke, uklju\u010duju\u0107i svoje ime, adresu, broj telefona ili email adresu e-po\u0161te bez pristanka svojih roditelja ili skrbnika. U svakom slu\u010daju u kojem spoznamo kako smo prikupili ili primili osobne podatke djeteta mla\u0111eg od 16 godina, a bez privole nositelja roditeljske odgovornosti, takve podatke \u0107emo bez odlaganja obrisati. Ukoliko raspola\u017eete informacijom da su do nas do\u0161li podaci djeteta mla\u0111eg od 16 godina, molimo kontaktirajte na\u0161e slu\u017ebenika za za\u0161titu osobnih podataka. &nbsp;<\/p>\n\n\n\n<p>Na\u0161e web stranice sadr\u017ee veze na druge web stranice i stranice na dru\u0161tvenim mre\u017eama, te se na njih ne odnosi na\u0161a Politika privatnosti. Preporu\u010dujemo da pro\u010ditate uvjete za\u0161tite privatnosti svake web stranice i dru\u0161tvene mre\u017ee koju posjetite, a posebno gdje ostavljate podatke. &nbsp;&nbsp;&nbsp;<\/p>\n\n\n\n<p><strong>WEB KOLA\u010cI\u0106I:<\/strong><\/p>\n\n\n\n<p>Stranice koriste web kola\u010di\u0107e. To su mali dijelovi koda koje Va\u0161 pretra\u017eiva\u010d automatski izvr\u0161ava, a, potrebni su za adekvatno prikazivanje sadr\u017eaja stranica na svim ure\u0111ajima i bez njih kori\u0161tenje stranica ne bi bilo mogu\u0107e. Informacije koje se tako prikupljaju ne sadr\u017ee osobne podatke i slu\u017ee boljem funkcioniranju stranica te pobolj\u0161anju va\u0161eg korisni\u010dkog iskustva. Brisanje web kola\u010di\u0107a mogu\u0107e je kroz postavke va\u0161eg pretra\u017eiva\u010da te se za vi\u0161e informacija kako ih obrisati obratite proizvo\u0111a\u010du. Dodatne informacije o web kola\u010di\u0107ima dostupne su na vezi http:\/\/www.aboutcookies.org.uk\/<\/p>\n\n\n\n<h1 class=\"has-normal-font-size\">OVLA\u0160TENI VANJSKI IZVR\u0160ITELJI OBRADE<\/h1>\n\n\n\n<p>Pristup va\u0161im osobnim podacima pru\u017eamo ovla\u0161tenim vanjskim izvr\u0161iteljima obrade u svrhu obrade osobnih podataka u ime \u0160kole na temelju na\u0161ih izri\u010ditih uputa i putem sklopljenih ugovora koji osiguravaju visoku razinu za\u0161tite osobnih podataka. Ti su poslovni suradnici obvezni strogo po\u0161tivati obvezu povjerljivosti u skladu s ovom Politikom, s ugovorima koje smo s njima sklopili i u skladu s obvezama iz Op\u0107e uredbe o za\u0161titi podataka. U okviru svog djelovanja \u0160kola koristi usluge tvrtki u svojstvu izvr\u0161itelja obrada koji obra\u0111uju osobne podatke zaposlenika, u\u010denika, nositelja roditeljske odgovornosti, ra\u010dunovodstvo i pravne usluge, usluge&nbsp; gostiju i posjetitelja za svrhe ispunjenja zakonskih obveza iz podru\u010dja odgoja i obrazovanja, IT podr\u0161ke, odr\u017eavanja sustava video-nadzora te sigurne pohrane i obrade dokumentacije, kao i u svrhu provo\u0111enja aktivnosti u skladu sa \u0160kolskom kurikulumom i Godi\u0161njim planom i programom \u0160kole.<\/p>\n\n\n\n<p>Dio podataka razmjenjujemo i ustupamo temeljem zakonskih obveza tijelima javne vlasti poput Ministarstva znanosti i obrazovanja, Hrvatskog zavoda za zapo\u0161ljavanje, CARNeta i sli\u010dno.<\/p>\n\n\n\n<p>Davanje pristupa podacima drugim pravnim ili fizi\u010dkim osobama uvijek je ograni\u010deno na mjeru nu\u017enu za postizanje svrhe za koju su podaci prikupljeni te se provodi sukladno va\u017ee\u0107oj regulativi. Istovremeno vam jam\u010dimo da u sklopu na\u0161ih obrada osobnih podataka ne dolazi do njihovog prijenosa u tre\u0107e zemlje izvan podru\u010dja Europske unije. &nbsp;<strong>&nbsp;<\/strong>&nbsp;<\/p>\n\n\n\n<h1 class=\"has-normal-font-size\">INFORMACIJSKA SIGURNOST<\/h1>\n\n\n\n<p>Kada \u0160kola prikuplja informacije o vama, osiguravamo da su va\u0161i osobni podaci za\u0161ti\u0107eni od slu\u010dajnog ili nezakonitog uni\u0161tenja, gubitka, izmjene, neovla\u0161tenog otkrivanja ili pristupa osobnim podacima koji se prenose, pohranjuju ili se na drugi na\u010din obra\u0111uju. To se provodi kroz odgovaraju\u0107e profesionalne tehni\u010dke mjere i pomno birane poslovne partnere koji osiguravaju najvi\u0161u razinu sigurnosti obrada podataka.<strong>&nbsp; <\/strong>&nbsp;<\/p>\n\n\n\n<h1 class=\"has-normal-font-size\">VA\u0160A PRAVA<\/h1>\n\n\n\n<p>U bilo kojem trenutku slobodni ste nas kontaktirati u svrhu:<\/p>\n\n\n\n<ul><li>PRISTUPA svim osobnim podacima koje je \u0160kola prikupila o vama,<\/li><li>ISPRAVLJANJA osobnih podataka koje \u0160kola ima o vama,<\/li><li>BRISANJA osobnih podataka koje je \u0160kola prikupila o vama,<\/li><li>OGRANI\u010cAVANJA obrade va\u0161ih osobnih podataka od strane \u0160kole,<\/li><li>PRIGOVORA na obradu va\u0161ih osobnih podataka od strane \u0160kole,&nbsp;<\/li><li>ZAHTJEVA za va\u0161im osobnim podacima koje \u0160kola ima, u svrhu prijenosa tre\u0107oj strani.<\/li><\/ul>\n\n\n\n<p>Ukoliko \u017eelite iskoristiti bilo koje od prethodno navedenih prava, budite slobodni:<\/p>\n\n\n\n<ul><li>osobnim dolaskom radnim danom u vremenu od 09,00 do 12,00 sati u tajni\u0161tvo \u0160kole,<\/li><li>preporu\u010denim pismom na adresu \u0161kole. Na va\u0161 \u0107emo zahtjev odgovoriti u najkra\u0107em mogu\u0107em roku, a najkasnije mjesec dana od primitka va\u0161eg zahtjeva. U slu\u010daju nemogu\u0107nosti sigurne potvrde va\u0161eg identiteta bit \u0107emo slobodni zatra\u017eiti dodatnu provjeru va\u0161eg identiteta.<\/li><\/ul>\n\n\n\n<h1 class=\"has-normal-font-size\">PRAVO NA PODNO\u0160ENJE PRIGOVORA NADLE\u017dNOM TIJELU<\/h1>\n\n\n\n<p>U svakom trenutku mo\u017eete ulo\u017eiti prigovor izravno nadle\u017enom nadzornom tijelu, posebice u zemlji EU-a u kojoj imate uobi\u010dajeno boravi\u0161te, mjesto rada ili mjesto navodnog kr\u0161enja, ako smatrate da na\u0161a obrada va\u0161ih osobnih podataka nije zakonita.<\/p>\n\n\n\n<p>Izravni kontakti nadle\u017enog nadzornog tijela u Republici Hrvatskoj su:<\/p>\n\n\n\n<p><strong>AGENCIJA ZA ZA\u0160TITU OSOBNIH PODATAKA (AZOP)<\/strong><\/p>\n\n\n\n<p>Fra Grge Marti\u0107a 14 &nbsp;<\/p>\n\n\n\n<p>HR \u2013 10 000 Zagreb<\/p>\n\n\n\n<p>Telefon: +385 1 4609 000 Fax: +385 1 4609 099<\/p>\n\n\n\n<p>&nbsp;e-mail: <script>MailGuard('azop','azop.hr')<\/script> &nbsp;<\/p>\n","protected":false},"excerpt":{"rendered":"<p>Ova Politika privatnosti, utemeljena na Op\u0107oj uredbi o za\u0161titi podataka (GDPR), obja\u0161njava koji se osobni podaci prikupljaju u vezi s&nbsp; \u0161kolskim aktivnostima, kako te podatke obra\u0111ujemo, koristimo i \u0161titimo, u koje ih svrhe upotrebljavamo, kao i&nbsp; prava povezana s va\u0161im podacima. U slu\u010daju vi\u0161e sile potresa, poplave, pandemije i sli\u010dno nastava u \u0161koli mo\u017ee se&hellip;<\/p>\n","protected":false},"author":2,"featured_media":0,"parent":0,"menu_order":0,"comment_status":"closed","ping_status":"closed","template":"","meta":{"ngg_post_thumbnail":0,"_links_to":"","_links_to_target":""},"_links":{"self":[{"href":"https:\/\/gav.hr\/index.php?rest_route=\/wp\/v2\/pages\/10421"}],"collection":[{"href":"https:\/\/gav.hr\/index.php?rest_route=\/wp\/v2\/pages"}],"about":[{"href":"https:\/\/gav.hr\/index.php?rest_route=\/wp\/v2\/types\/page"}],"author":[{"embeddable":true,"href":"https:\/\/gav.hr\/index.php?rest_route=\/wp\/v2\/users\/2"}],"replies":[{"embeddable":true,"href":"https:\/\/gav.hr\/index.php?rest_route=%2Fwp%2Fv2%2Fcomments&post=10421"}],"version-history":[{"count":3,"href":"https:\/\/gav.hr\/index.php?rest_route=\/wp\/v2\/pages\/10421\/revisions"}],"predecessor-version":[{"id":10425,"href":"https:\/\/gav.hr\/index.php?rest_route=\/wp\/v2\/pages\/10421\/revisions\/10425"}],"wp:attachment":[{"href":"https:\/\/gav.hr\/index.php?rest_route=%2Fwp%2Fv2%2Fmedia&parent=10421"}],"curies":[{"name":"wp","href":"https:\/\/api.w.org\/{rel}","templated":true}]}}