{"id":1910,"date":"2015-09-25T10:50:12","date_gmt":"2015-09-25T10:50:12","guid":{"rendered":"http:\/\/gav.hr\/?page_id=1910"},"modified":"2021-05-04T10:17:37","modified_gmt":"2021-05-04T08:17:37","slug":"akti","status":"publish","type":"page","link":"https:\/\/gav.hr\/?page_id=1910","title":{"rendered":"Akti \u0161kole"},"content":{"rendered":"<h4><strong>\u0160KOLSKA GODINA 2020.\/2021.<\/strong><\/h4>\n<p><a href=\"http:\/\/gav.hr\/wp-content\/uploads\/2021\/05\/Izvje\u0161\u0107e-o-stanju-sigurnosti-za-prvo-polugodi\u0161te-2020.-2021..pdf\">Izvje\u0161\u0107e o stanju sigurnosti za prvo polugodi\u0161te<\/a><\/p>\n<h4 style=\"font-size: 20px;\"><strong>\u0160KOLSKA GODINA 2019.\/2020.<\/strong><\/h4>\n<p><a href=\"http:\/\/gav.hr\/wp-content\/uploads\/2020\/12\/Poslovnik-o-radu-\u0160.O.-Aneks-2020..pdf\">Poslovnik o radu \u0161kolskog odbora &#8211; Aneks 2020.<\/a><\/p>\n<p><a href=\"http:\/\/gav.hr\/wp-content\/uploads\/2019\/10\/\u0160KOLSKI-KURIKULUM-2019_2020.pdf\">\u0160kolski kurikulum za \u0161k. god. 2019.\/2020.<\/a><\/p>\n<p><a href=\"http:\/\/gav.hr\/wp-content\/uploads\/2019\/10\/GPP-2019_2020.pdf\">Godi\u0161nji plan i program za \u0161k. god. 2019.\/2020.<\/a><\/p>\n<p><a href=\"http:\/\/gav.hr\/wp-content\/uploads\/2019\/10\/Odluka-\u0160.O.-o-GPP-u-za-2019_2020.pdf\">Odluka \u0160kolskog odbora o Godi\u0161njem planu i programu za \u0161k. god. 2019.\/2020.<\/a><\/p>\n<p><a href=\"http:\/\/gav.hr\/wp-content\/uploads\/2019\/09\/Izvje\u0161\u0107e-stanje-sigurnosti-za\u0161tite-prava-u\u010denika-za-\u0161k.god_.-2018.2019..pdf\">Izvje\u0161\u0107e o stanju sigurnosti 2018.\/2019.<\/a><\/p>\n<p><a href=\"http:\/\/gav.hr\/wp-content\/uploads\/2020\/04\/Odluka-o-razvrstavanju-dugotrajne-nefinancijske-imovine.pdf\">Odluka u razvrstavanju dugotrajne nefinacijske imovine.<\/a><\/p>\n<p>&nbsp;<\/p>\n<h4 style=\"font-size: 20px;\"><strong>\u0160KOLSKA GODINA 2018.\/2019.<\/strong><\/h4>\n<p><a href=\"http:\/\/gav.hr\/wp-content\/uploads\/2019\/03\/STATUT-\u0160KOLE-2019.-ZA-WEB.pdf\">Statut Gimnazije Antuna Vran\u010di\u0107a<\/a><\/p>\n<p><a href=\"http:\/\/gav.hr\/wp-content\/uploads\/2019\/02\/izvje\u0161\u0107e-o-stanju-sigurnosti-1.polugodi\u0161te-2018.-2019_.pdf\">Izvje\u0161\u0107e o stanju sigurnosti 2018.\/2019., prvo polugodi\u0161te<\/a><\/p>\n<p><a href=\"http:\/\/gav.hr\/wp-content\/uploads\/2019\/02\/OKVIRNI-VREMENIK-PP-2018.-2019.pdf\">Okvirni vremenik pisanih provjera znanja 2018.\/2019., 2. polugodi\u0161te<\/a><\/p>\n<p><a href=\"http:\/\/gav.hr\/wp-content\/uploads\/2019\/01\/Procedura_popis_imovine.pdf\">Procedura popisa imovine u Gimnaziji Antuna Vran\u010di\u0107a<\/a><\/p>\n<p><a href=\"http:\/\/gav.hr\/wp-content\/uploads\/2018\/10\/okvirni-vremenik-web.pdf\">Okvirni vremenik pisanih provjera znanja 2018.\/2019., 1. polugodi\u0161te<\/a><\/p>\n<p><a href=\"http:\/\/gav.hr\/wp-content\/uploads\/2018\/10\/SKOLSKI_KURIKULUM_2018-2019_KONACNO_v3.pdf\">\u0160kolski kurikulum 2018.\/2019.<\/a><\/p>\n<p><a href=\"http:\/\/gav.hr\/wp-content\/uploads\/2018\/10\/GP_-2018_2019_konacno_v3.pdf\">Godi\u0161nji plan i program 2018.\/2019.<\/a><\/p>\n<p><a href=\"http:\/\/gav.hr\/wp-content\/uploads\/2018\/10\/IZVJESCE_O_STANJU_SIGURNOSTI_2017_2018_v2.pdf\">Izvje\u0161\u0107e o stanju sigurnosti 2017.\/2018.<\/a><\/p>\n<p>&nbsp;<\/p>\n<p style=\"font-size: 20px;\"><strong>\u0160KOLSKA GODINA 2017.\/2018.<\/strong><\/p>\n<p><a href=\"http:\/\/gav.hr\/wp-content\/uploads\/2015\/09\/Pravilnik-o-sigurnoj-i-odgovornoj-upotrebi-IKT-a.docx\">Pravilnik o sigurnoj i odgovornoj upotrebi IKT-a<\/a><\/p>\n<p><a href=\"http:\/\/gav.hr\/wp-content\/uploads\/2015\/09\/Zaklju\u010dak-001.pdf\">Zaklju\u010dak o davanju prethodne suglasnosti na statute srednjih \u0161kola<\/a><\/p>\n<p><a href=\"http:\/\/gav.hr\/wp-content\/uploads\/2015\/09\/GPP-2017.-2018.-KONACNO_WEB.docx\">Godi\u0161nji plan i program 2017.\/2018.<\/a><\/p>\n<p><a href=\"http:\/\/gav.hr\/wp-content\/uploads\/2015\/09\/\u0160KOLSKI-KURIKULUM-2017.-2018.-KONA\u010cNO-003.doc\">\u0160kolski kurikulum 2017.\/2018.<\/a><\/p>\n<p><a href=\"http:\/\/gav.hr\/wp-content\/uploads\/2015\/09\/Pravilnik-jednostavne-nabave-GAV-\u0160ibenik-002-NOVO.docx\">Pravilnik o provedbi postupaka jednostavne nabave<\/a><\/p>\n<p><a href=\"http:\/\/gav.hr\/wp-content\/uploads\/2015\/09\/PRAVILNIK-O-RADU-G.A.V.\u0160ibenik.doc\">Pravilnik o radu<\/a><\/p>\n<p><a href=\"http:\/\/gav.hr\/wp-content\/uploads\/2015\/09\/PRAVILNIK-O-ZASTITI-NA-RADU-G.A.V.\u0160ibenik.doc\">Pravilnik o za\u0161titi na radu<\/a><\/p>\n<p><a href=\"http:\/\/gav.hr\/wp-content\/uploads\/2015\/09\/Poslovnik-o-radu-Vije\u0107a-roditelja1.doc\">Poslovnik o radu Vije\u0107a roditelja<\/a><\/p>\n<p><a href=\"http:\/\/gav.hr\/wp-content\/uploads\/2015\/09\/Statut-Gimnazije-Antuna-Vran\u010di\u0107a-pro\u010di\u0161\u010deni.doc\">Statut Gimnazije Antuna Vran\u010di\u0107a<\/a><\/p>\n<p><a href=\"http:\/\/gav.hr\/wp-content\/uploads\/2015\/09\/GPP-2016.-2017.-KONA\u010cNO.docx\">Godi\u0161nji plan i program 2016.\/2017.<\/a><\/p>\n<p><a href=\"http:\/\/gav.hr\/wp-content\/uploads\/2015\/09\/Skolski-kurikulum-2016-2017.doc\">\u0160kolski kurikulum 2016.\/2017<\/a>.<\/p>\n<p><a href=\"http:\/\/gav.hr\/wp-content\/uploads\/2015\/09\/PROCEDURA-Fiskalna-2016..docx\">PROCEDURA-Fiskalna 2016.<\/a><\/p>\n<p><a href=\"http:\/\/gav.hr\/wp-content\/uploads\/2015\/09\/Godisnje_izvjesce.pdf\">Izvje\u0161\u0107e o provedbi Zakona o pravu na pristup informacijama za 2015. godinu<\/a><\/p>\n<p><a href=\"http:\/\/gav.hr\/wp-content\/uploads\/2015\/09\/Odluka-o-imenovanju-povjerenika-za-otpad.pdf\">Odluka o imenovanju povjerenika za otpad<\/a><\/p>\n<p><a href=\"http:\/\/gav.hr\/wp-content\/uploads\/2015\/09\/\u0160KOLSKI-KURIKULUM-2015.-2016..doc\">\u0160KOLSKI KURIKULUM 2015.-2016.<\/a><\/p>\n<p><a href=\"http:\/\/gav.hr\/wp-content\/uploads\/2015\/09\/GODI\u0160NJI-PLAN-I-PROGRAM-RADA-\u0160KOLE-2015-2016.docx\">GODI\u0160NJI PLAN I PROGRAM RADA \u0160KOLE 2015-2016<\/a><\/p>\n<p><a href=\"http:\/\/gav.hr\/wp-content\/uploads\/2015\/09\/Vij\u0107e-roditelja-kon.sj_..doc\">Vij\u0107e roditelja-kon.sj.<\/a><\/p>\n<p><a href=\"http:\/\/gav.hr\/wp-content\/uploads\/2015\/09\/Poslovnik-o-radu-Vije\u0107a-roditelja.doc\">Poslovnik o radu Vije\u0107a roditelja<\/a><\/p>\n","protected":false},"excerpt":{"rendered":"<p>\u0160KOLSKA GODINA 2020.\/2021. Izvje\u0161\u0107e o stanju sigurnosti za prvo polugodi\u0161te \u0160KOLSKA GODINA 2019.\/2020. Poslovnik o radu \u0161kolskog odbora &#8211; Aneks 2020. \u0160kolski kurikulum za \u0161k. god. 2019.\/2020. Godi\u0161nji plan i program za \u0161k. god. 2019.\/2020. Odluka \u0160kolskog odbora o Godi\u0161njem planu i programu za \u0161k. god. 2019.\/2020. Izvje\u0161\u0107e o stanju sigurnosti 2018.\/2019. Odluka u razvrstavanju&hellip;<\/p>\n","protected":false},"author":6,"featured_media":0,"parent":0,"menu_order":0,"comment_status":"closed","ping_status":"closed","template":"","meta":{"ngg_post_thumbnail":0,"_links_to":"","_links_to_target":""},"_links":{"self":[{"href":"https:\/\/gav.hr\/index.php?rest_route=\/wp\/v2\/pages\/1910"}],"collection":[{"href":"https:\/\/gav.hr\/index.php?rest_route=\/wp\/v2\/pages"}],"about":[{"href":"https:\/\/gav.hr\/index.php?rest_route=\/wp\/v2\/types\/page"}],"author":[{"embeddable":true,"href":"https:\/\/gav.hr\/index.php?rest_route=\/wp\/v2\/users\/6"}],"replies":[{"embeddable":true,"href":"https:\/\/gav.hr\/index.php?rest_route=%2Fwp%2Fv2%2Fcomments&post=1910"}],"version-history":[{"count":41,"href":"https:\/\/gav.hr\/index.php?rest_route=\/wp\/v2\/pages\/1910\/revisions"}],"predecessor-version":[{"id":9313,"href":"https:\/\/gav.hr\/index.php?rest_route=\/wp\/v2\/pages\/1910\/revisions\/9313"}],"wp:attachment":[{"href":"https:\/\/gav.hr\/index.php?rest_route=%2Fwp%2Fv2%2Fmedia&parent=1910"}],"curies":[{"name":"wp","href":"https:\/\/api.w.org\/{rel}","templated":true}]}}