{"id":3647,"date":"2017-06-16T15:13:54","date_gmt":"2017-06-16T15:13:54","guid":{"rendered":"http:\/\/gav.hr\/?page_id=3647"},"modified":"2025-03-06T19:26:18","modified_gmt":"2025-03-06T17:26:18","slug":"skolski-odbor","status":"publish","type":"page","link":"https:\/\/gav.hr\/?page_id=3647","title":{"rendered":"\u0160kolski odbor"},"content":{"rendered":"<h4><strong>Zaklju\u010dci i pozivi:<\/strong><\/h4>\n<ul>\n<li><a href=\"http:\/\/gav.hr\/wp-content\/uploads\/2025\/03\/Prijedlog-Gimnazija-Antuna-Vrancica-Sibenik.pdf\">PRIJEDLOG ZA IZBOR PREDSTAVNIKA RADNIKA U \u0160KOLSKI ODBOR<\/a><\/li>\n<\/ul>\n<p>&#8211;<a href=\"http:\/\/gav.hr\/wp-content\/uploads\/2023\/11\/Poziv-na-29.-sjednicu-Skolskog-odbora.pdf\">poziv na 29.sjednicu \u0161kolskog odbora<\/a><\/p>\n<p>&#8211;<a href=\"http:\/\/gav.hr\/wp-content\/uploads\/2023\/09\/Poziv-na-27.-sjednicu-S.O..pdf\">poziv na 27.sjednicu \u0161kolskog odbora<\/a><br \/>\n&#8211;<a href=\"http:\/\/gav.hr\/wp-content\/uploads\/2023\/08\/Poziv-na-24.-sjednicu-Skolskog-odbora.pdf\">poziv na 24.sjednicu \u0161kolskog odbora<\/a><br \/>\n<a href=\"http:\/\/gav.hr\/wp-content\/uploads\/2023\/06\/Poziv-na-20.-sjednicu-S.O..pdf\">-poziv na 20.sjednicu \u0161kolskog odbora<\/a><\/p>\n<p>&#8211;<a href=\"http:\/\/gav.hr\/wp-content\/uploads\/2023\/01\/Poziv-na-17.-sjednicu-S.O..pdf\">poziv na 17.sjednicu \u0161kolskog odbora<\/a><\/p>\n<p>&#8211;<a href=\"http:\/\/gav.hr\/wp-content\/uploads\/2022\/11\/Poziv-na-15.-sjednicu-S.O..pdf\">poziv na 15. sjednicu \u0161kolskog odbora<\/a><\/p>\n<p>-poziv na 14. sjednicu \u0161kolskog odbora<\/p>\n<p><a href=\"http:\/\/gav.hr\/wp-content\/uploads\/2022\/09\/Poziv-na-13.-sjednicu-Skolskog-odbora.pdf\">-poziv na 13. sjednicu \u0161kolskog odbora<\/a><\/p>\n<p><a href=\"http:\/\/gav.hr\/wp-content\/uploads\/2022\/07\/12.-sjednica-S.O.-poziv.pdf\">&#8211; poziv na 12. sjednicu \u0161kolskog odbora<\/a><\/p>\n<p>&#8211;<a href=\"http:\/\/gav.hr\/wp-content\/uploads\/2022\/06\/Poziv-na-11.-sjednicu-Skolskog-odbora.pdf\">poziv na 11. sjednicu \u0161kolskog odbora<\/a><a href=\"http:\/\/gav.hr\/wp-content\/uploads\/2022\/05\/Poziv-na-10.-sjednicu-S.pdf\"><br \/>\n&#8211; poziv na 10. sjednicu \u0161kolskog odbora<\/a><\/p>\n<p><a href=\"http:\/\/gav.hr\/wp-content\/uploads\/2022\/01\/Poziv-na-8.-sjednicu-S.O..pdf\">&#8211; poziv na 8. sjednicu \u0161kolskog odbora<\/a><\/p>\n<p>&#8211;<a href=\"http:\/\/gav.hr\/wp-content\/uploads\/2021\/11\/Poziv-na-6.-sjednicu-\u0160.O..pdf\">poziv na 6. sjednicu \u0161kolskog odbora<\/a><\/p>\n<p><a href=\"http:\/\/gav.hr\/wp-content\/uploads\/2021\/10\/Poziv-na-5.-sjednicu-\u0160.O..pdf\">&#8211; 6. listopada 2021. &#8211; poziv na 5. sjednicu \u0161kolskog odbora<\/a><\/p>\n<p><a href=\"http:\/\/gav.hr\/wp-content\/uploads\/2021\/07\/Poziv-na-4.-sjednicu-\u0160.O..pdf\">-poziv na 4. sjednicu \u0161kolskog odbora<\/a><\/p>\n<p><a href=\"http:\/\/gav.hr\/wp-content\/uploads\/2021\/06\/Poziv-na-3.-sjednicu-\u0160.O..pdf\">&#8211; poziv na 3. sjednicu \u0161kolskog odbora<\/a><\/p>\n<p>&#8211; <a href=\"http:\/\/gav.hr\/wp-content\/uploads\/2021\/05\/Poziv-na-2.-sjednicu-\u0160.O..pdf\">poziv na 2. sjednicu \u0161kolskog odbora<\/a><\/p>\n<p><a href=\"http:\/\/gav.hr\/wp-content\/uploads\/2021\/04\/Poziv-na-konstituiraju\u0107u-sjednicu-\u0160kolskog-odbora.pdf\">&#8211; poziv na konstituiraju\u0107u (prvu) sjednicu<\/a><\/p>\n<p>&#8211; <a href=\"http:\/\/gav.hr\/wp-content\/uploads\/2021\/01\/Poziv-na-40.-sjednicu-\u0160.O..docx\">poziv na 40. sjednicu \u0161kolskog odbora<\/a><\/p>\n<p>&#8211; <a href=\"http:\/\/gav.hr\/wp-content\/uploads\/2021\/01\/Poziv-na-39.-sjednicu-\u0160.O..pdf\">poziv na 39. sjednicu \u0161kolskog odbora<\/a><\/p>\n<p><a href=\"http:\/\/gav.hr\/wp-content\/uploads\/2020\/12\/Poziv-na-38.-sjednicu-\u0160.O..docx\">&#8211; poziv na 38. sjednicu \u0161kolskog odbora<\/a><\/p>\n<p>&#8211; <a href=\"http:\/\/gav.hr\/wp-content\/uploads\/2020\/10\/Poziv-na-37.-sjednicu-\u0160.O....za-6.10.2020-.docx\">poziv na 37. sjednicu \u0161kolskog odbora<\/a><\/p>\n<p>&#8211; <strong><a href=\"http:\/\/gav.hr\/wp-content\/uploads\/2019\/11\/Poziv-na-30.-sjednicu-\u0160.O..pdf\">poziv na 30. sjednicu \u0160kolskog odbora<\/a><\/strong><\/p>\n<p>&#8211; <a href=\"http:\/\/gav.hr\/wp-content\/uploads\/2019\/09\/Odluka-imenovanje-ravnatelja-\u0161kole.pdf\">Odluka o imenovanju ravnatelja \u0161kole &#8211; 25. rujna 2019.<\/a><\/p>\n<p>&#8211; <a href=\"http:\/\/gav.hr\/wp-content\/uploads\/2019\/09\/Poziv-na-28.-sjednicu-\u0160kolskog-odbora.pdf\">poziv na 28. sjednicu \u0160kolskog odbora<\/a><\/p>\n<p><a href=\"http:\/\/gav.hr\/wp-content\/uploads\/2019\/08\/Poziv-na-26.-sjednicu-\u0160.O.pdf\">&#8211; po<\/a><a href=\"http:\/\/gav.hr\/wp-content\/uploads\/2019\/08\/Poziv-na-26.-sjednicu-\u0160.O.pdf\">ziv na 26. sjednicu \u0160kolskog odbora<\/a><\/p>\n<p>&#8211; <a href=\"http:\/\/gav.hr\/wp-content\/uploads\/2019\/08\/Poziv-na-zajedni\u010dku-sjednicu.pdf\">Poziv na zajedni\u010dku sjednicu Nastavni\u010dkog vije\u0107a, \u0160kolskog odbora i Skupa radnika &#8211; <\/a><a href=\"http:\/\/gav.hr\/wp-content\/uploads\/2019\/08\/Poziv-na-zajedni\u010dku-sjednicu.pdf\">28. kolovoza 2019.<\/a><\/p>\n<p>&#8211; <a href=\"http:\/\/gav.hr\/wp-content\/uploads\/2019\/08\/Poziv-na-plenarnu-sjednicu-2019-2-1.pdf\">poziv na plenarnu sjednicu \u0160kolskog odbora<\/a><\/p>\n<p>&#8211; <a href=\"http:\/\/gav.hr\/wp-content\/uploads\/2019\/08\/Poziv-na-25.-sjednicu.pdf\">poziv na 25. sjednicu \u0160kolskog odbora<\/a><\/p>\n<p>&#8211; <a href=\"http:\/\/gav.hr\/wp-content\/uploads\/2019\/07\/Poziv-na-23.-sjednicu.pdf\">poziv na 23. sjednicu \u0160kolskog odbora<\/a><\/p>\n<p>&#8211; <a href=\"http:\/\/gav.hr\/wp-content\/uploads\/2019\/06\/Poziv-na-22.-sjednicu.pdf\">poziv na 22. sjednicu \u0160kolskog odbora<\/a><\/p>\n<p>&#8211; <a href=\"http:\/\/gav.hr\/wp-content\/uploads\/2019\/04\/Poziv-na-20.-sjednicu.pdf\">poziv na 15. sjednicu \u0160kolskog odbora<\/a><\/p>\n<p>&#8211; <a href=\"http:\/\/gav.hr\/wp-content\/uploads\/2018\/10\/Poziv-na-14.-sjednicu.pdf\">poziv na 14. sjednicu \u0160kolskog odbora<\/a><\/p>\n<p>&#8211; <a href=\"http:\/\/gav.hr\/wp-content\/uploads\/2018\/09\/Poziv-na-13.-sjednicu.pdf\">poziv na 13. sjednicu \u0160kolskog odbora<\/a><\/p>\n<p>&#8211; <a href=\"http:\/\/gav.hr\/wp-content\/uploads\/2017\/06\/Poziv-na-12.-sjednicu.docx\">poziv na 12. sjednicu \u0160kolskog odbora<\/a><\/p>\n<p>&#8211;&nbsp;<a href=\"http:\/\/gav.hr\/wp-content\/uploads\/2017\/06\/Poziv-na-10.-sjednicu.pdf\">poziv na 10.sjednicu \u0160kolskog odbora<\/a><\/p>\n<p>&#8211;&nbsp;<a href=\"http:\/\/gav.hr\/wp-content\/uploads\/2017\/06\/Poziv-na-9.-sjednicu.docx\">poziv na 9. sjednicu \u0160kolskog odbora<\/a><\/p>\n<p>&#8211;&nbsp;<a href=\"http:\/\/gav.hr\/wp-content\/uploads\/2017\/06\/Poziv-na-8.-sjednicu-\u0160.O.-2018..doc\">poziv na 8. sjednicu \u0160kolskog odbora<\/a><\/p>\n<p>&#8211;&nbsp;<a href=\"http:\/\/gav.hr\/wp-content\/uploads\/2017\/06\/Izvadak-iz-zapisnika-7.-sjednice-\u0160.O-001.pdf\">izvadak iz zapisnika 7. sjednice<\/a><\/p>\n<p>&#8211;&nbsp;<a href=\"http:\/\/gav.hr\/wp-content\/uploads\/2017\/06\/Poziv-na-7.-sjednicu-\u0160.O.-2017..doc\">poziv na 7. sjednicu \u0160kolskog odbora<\/a><\/p>\n<p>&#8211;&nbsp;<a href=\"http:\/\/gav.hr\/wp-content\/uploads\/2017\/06\/Izvadak-iz-zapisnika-6.-sjednice-\u0160.O..docx\">izvadak iz zapisnika 6. sjednice<\/a><\/p>\n<p>&#8211;&nbsp;<a href=\"http:\/\/gav.hr\/wp-content\/uploads\/2017\/06\/Poziv-na-6.-sjednicu-2017..doc\">poziv na 6. sjednicu \u0160kolskog odbora<\/a><\/p>\n<p>&#8211;&nbsp;<a href=\"http:\/\/gav.hr\/wp-content\/uploads\/2017\/06\/Izvadak5-001.pdf\">izvadak iz zapisnika 5. sjednice<\/a><\/p>\n<p>&#8211;&nbsp;<a href=\"http:\/\/gav.hr\/wp-content\/uploads\/2017\/06\/Poziv-na-5.-sjednicu-2017..doc\">poziv na 5. sjednicu \u0160kolskog odbora<\/a><\/p>\n<p>&#8211;&nbsp;<a href=\"http:\/\/gav.hr\/wp-content\/uploads\/2017\/06\/Izvadak4-001.pdf\">izvadak iz zapisnika 4. sjednice<\/a><\/p>\n<p>&#8211;&nbsp;<a href=\"http:\/\/gav.hr\/wp-content\/uploads\/2017\/06\/Poziv-na-4.-sjednicu-2017..doc\">poziv na 4. sjednicu \u0160kolskog odbora<\/a><\/p>\n<p>&#8211;&nbsp;<a href=\"http:\/\/gav.hr\/wp-content\/uploads\/2017\/06\/Izvadak3-001.pdf\">izvadak iz zapisnika 3. sjednice<\/a><\/p>\n<p>&#8211;&nbsp;<a href=\"http:\/\/gav.hr\/wp-content\/uploads\/2017\/06\/Poziv-na-3.-sjednicu-2017..doc\">poziv na 3. sjednicu \u0160kolskog odbora<\/a><\/p>\n<p>&#8211;&nbsp;<a href=\"http:\/\/gav.hr\/wp-content\/uploads\/2017\/06\/Poziv-na-2.-sjednicu-\u0160.O..doc\">poziv na 2.sjednicu \u0160kolskog odbora<\/a><\/p>\n","protected":false},"excerpt":{"rendered":"<p>Zaklju\u010dci i pozivi: PRIJEDLOG ZA IZBOR PREDSTAVNIKA RADNIKA U \u0160KOLSKI ODBOR &#8211;poziv na 29.sjednicu \u0161kolskog odbora &#8211;poziv na 27.sjednicu \u0161kolskog odbora &#8211;poziv na 24.sjednicu \u0161kolskog odbora -poziv na 20.sjednicu \u0161kolskog odbora &#8211;poziv na 17.sjednicu \u0161kolskog odbora &#8211;poziv na 15. sjednicu \u0161kolskog odbora -poziv na 14. sjednicu \u0161kolskog odbora -poziv na 13. sjednicu \u0161kolskog odbora &#8211;&hellip;<\/p>\n","protected":false},"author":2,"featured_media":0,"parent":0,"menu_order":0,"comment_status":"closed","ping_status":"closed","template":"","meta":{"ngg_post_thumbnail":0,"_links_to":"","_links_to_target":""},"_links":{"self":[{"href":"https:\/\/gav.hr\/index.php?rest_route=\/wp\/v2\/pages\/3647"}],"collection":[{"href":"https:\/\/gav.hr\/index.php?rest_route=\/wp\/v2\/pages"}],"about":[{"href":"https:\/\/gav.hr\/index.php?rest_route=\/wp\/v2\/types\/page"}],"author":[{"embeddable":true,"href":"https:\/\/gav.hr\/index.php?rest_route=\/wp\/v2\/users\/2"}],"replies":[{"embeddable":true,"href":"https:\/\/gav.hr\/index.php?rest_route=%2Fwp%2Fv2%2Fcomments&post=3647"}],"version-history":[{"count":56,"href":"https:\/\/gav.hr\/index.php?rest_route=\/wp\/v2\/pages\/3647\/revisions"}],"predecessor-version":[{"id":13207,"href":"https:\/\/gav.hr\/index.php?rest_route=\/wp\/v2\/pages\/3647\/revisions\/13207"}],"wp:attachment":[{"href":"https:\/\/gav.hr\/index.php?rest_route=%2Fwp%2Fv2%2Fmedia&parent=3647"}],"curies":[{"name":"wp","href":"https:\/\/api.w.org\/{rel}","templated":true}]}}