{"id":37,"date":"2012-09-22T09:29:22","date_gmt":"2012-09-22T09:29:22","guid":{"rendered":"http:\/\/localhost:40082\/?page_id=37"},"modified":"2022-05-06T17:56:56","modified_gmt":"2022-05-06T15:56:56","slug":"predmeti-2","status":"publish","type":"page","link":"https:\/\/gav.hr\/?page_id=37","title":{"rendered":"Predmeti i profesori"},"content":{"rendered":"\n\n<table id=\"tablepress-7\" class=\"tablepress tablepress-id-7\">\n<thead>\n<tr class=\"row-1 odd\">\n\t<th class=\"column-1\">NASTAVNI PREDMET<\/th><th class=\"column-2\">PROFESOR<\/th>\n<\/tr>\n<\/thead>\n<tbody class=\"row-hover\">\n<tr class=\"row-2 even\">\n\t<td class=\"column-1\">Hrvatski jezik<\/td><td class=\"column-2\">Danijela Grubi\u0161i\u0107, prof. mentor<br \/>\nIrena Palini\u0107, prof.<br \/>\nMila Kundajica, prof. mentor<br \/>\nIvana Marelja, prof.<br \/>\nSvemirka Mileti\u0107 Livai\u0107, prof.<\/td>\n<\/tr>\n<tr class=\"row-3 odd\">\n\t<td class=\"column-1\">Engleski jezik<\/td><td class=\"column-2\">Marijana Cvitanovi\u0107, prof.<br \/>\nJadranka Gole\u0161, prof.<br \/>\nIvana Plen\u010da, prof.<br \/>\nFranka Mari\u010di\u0107 Bujas, prof.<br \/>\nSandra Mihel\u010di\u0107, prof.<br \/>\n\u017daneta Zaninovi\u0107, prof.<br \/>\nMarina Mio\u010d Olivari, prof.<br \/>\nFranka Peri\u0161a, prof.<\/td>\n<\/tr>\n<tr class=\"row-4 even\">\n\t<td class=\"column-1\">Talijanski jezik<\/td><td class=\"column-2\">Ivana Plen\u010da, prof.<br \/>\nFranka Mari\u010di\u0107 Bujas, prof.<br \/>\nAntonija Aramba\u0161i\u0107 \u2013 Bilan, prof.<br \/>\n\u017daneta Zaninovi\u0107, prof.<br \/>\nDeana Kara\u0111ole Radov\u010di\u0107, prof. savjetnik<br \/>\n\u017dana Antunac, prof.<br \/>\nSandra Mihel\u010di\u0107, prof.<\/td>\n<\/tr>\n<tr class=\"row-5 odd\">\n\t<td class=\"column-1\">Njema\u010dki jezik<\/td><td class=\"column-2\">Marina Mija\u010dika, prof.<br \/>\nMarijana Cvitanovi\u0107, prof.<\/td>\n<\/tr>\n<tr class=\"row-6 even\">\n\t<td class=\"column-1\">Latinski jezik<\/td><td class=\"column-2\">Ivan Pra\u017een, prof.<br \/>\nDeana Kara\u0111ole Radov\u010di\u0107, prof. savjetnik<br \/>\nDenis Karanu\u0161i\u0107, prof.<\/td>\n<\/tr>\n<tr class=\"row-7 odd\">\n\t<td class=\"column-1\">Gr\u010dki jezik<\/td><td class=\"column-2\">Ivan Pra\u017een, prof.<\/td>\n<\/tr>\n<tr class=\"row-8 even\">\n\t<td class=\"column-1\">Glazbena umjetnost<\/td><td class=\"column-2\">Sanja Magazin, prof.<br \/>\nJadranka Bari\u0161i\u0107, prof.<\/td>\n<\/tr>\n<tr class=\"row-9 odd\">\n\t<td class=\"column-1\">Likovna umjetnost<\/td><td class=\"column-2\">dr. sc. Ru\u017ea Sekso<br \/>\n<\/td>\n<\/tr>\n<tr class=\"row-10 even\">\n\t<td class=\"column-1\">Psihologija<\/td><td class=\"column-2\">Katarina Malenica, prof.<br \/>\n(Antonio Peri\u0161a-zamjena) <\/td>\n<\/tr>\n<tr class=\"row-11 odd\">\n\t<td class=\"column-1\">Logika<\/td><td class=\"column-2\">Nikola \u0160krbi\u0107, prof.<br \/>\ndr. sc. Nives Triva, izvrsni savjetnik<\/td>\n<\/tr>\n<tr class=\"row-12 even\">\n\t<td class=\"column-1\">Filozofija<\/td><td class=\"column-2\">Nikola \u0160krbi\u0107, prof.<br \/>\ndr. sc. Nives Triva, izvrsni savjetnik<\/td>\n<\/tr>\n<tr class=\"row-13 odd\">\n\t<td class=\"column-1\">Sociologija<\/td><td class=\"column-2\">\u017dana Antunac, prof.<\/td>\n<\/tr>\n<tr class=\"row-14 even\">\n\t<td class=\"column-1\">Povijest<\/td><td class=\"column-2\">Neven \u0110uri\u0107, prof. mentor<br \/>\nSuzana Slavica, prof.<br \/>\nIrena Sa\u010di\u0107, prof. savjetnik<\/td>\n<\/tr>\n<tr class=\"row-15 odd\">\n\t<td class=\"column-1\">Geografija<\/td><td class=\"column-2\">Hrvoje Grbe\u0161i\u0107, prof.<br \/>\nEmil Matu\u0161a, prof.<br \/>\n<\/td>\n<\/tr>\n<tr class=\"row-16 even\">\n\t<td class=\"column-1\">Matematika<\/td><td class=\"column-2\">Lorana Antunac, prof. savjetnik<br \/>\nMira Ba\u0161i\u0107, prof.<br \/>\nHelena Kara\u0111ole, prof.<br \/>\nLucija La\u0107a Lako\u0161, prof.<br \/>\nInes Stojanovi\u0107, prof.<\/td>\n<\/tr>\n<tr class=\"row-17 odd\">\n\t<td class=\"column-1\">Fizika<\/td><td class=\"column-2\">Kristina Mi\u0161ura, prof.<br \/>\nBojana Oreb, prof. mentor<br \/>\nTomislav Don\u0111ivi\u0107, prof.<\/td>\n<\/tr>\n<tr class=\"row-18 even\">\n\t<td class=\"column-1\">Kemija<\/td><td class=\"column-2\">Ana Bogadi, prof. mentor<br \/>\nAna Plen\u010da-Mudri\u0107, prof.<br \/>\nNatalija Hobar, prof.<br \/>\nJosipa Bilu\u0161, prof.<\/td>\n<\/tr>\n<tr class=\"row-19 odd\">\n\t<td class=\"column-1\">Biologija<\/td><td class=\"column-2\">Ana Bogadi, prof. mentor<br \/>\ndr. sc. Milenko Milovi\u0107, prof. savjetnik<br \/>\nTina \u0160anti\u0107, prof.<\/td>\n<\/tr>\n<tr class=\"row-20 even\">\n\t<td class=\"column-1\">Informatika<\/td><td class=\"column-2\">Tanja Mikulandra, prof.<br \/>\nKristina Vulin, prof.<\/td>\n<\/tr>\n<tr class=\"row-21 odd\">\n\t<td class=\"column-1\">Politika i gospodarstvo<\/td><td class=\"column-2\">Nikola \u0160krbi\u0107, prof.<br \/>\n\u017dana Antunac, prof.<br \/>\nMarina Mija\u010dika, prof.<\/td>\n<\/tr>\n<tr class=\"row-22 even\">\n\t<td class=\"column-1\">Tjelesna i zdravstvena kultura<\/td><td class=\"column-2\">Ivana Bego Kne\u017eevi\u0107, prof.<br \/>\nTon\u0107i Grguri\u010din, prof.<br \/>\nKre\u0161imir Mudronja, prof.<\/td>\n<\/tr>\n<tr class=\"row-23 odd\">\n\t<td class=\"column-1\">Vjeronauk<\/td><td class=\"column-2\">don Bo\u017eo \u0160kember, prof.<br \/>\ndon \u0160ime Pleadin, prof.<\/td>\n<\/tr>\n<tr class=\"row-24 even\">\n\t<td class=\"column-1\">Etika<\/td><td class=\"column-2\">Nikola \u0160krbi\u0107, prof.<br \/>\n<\/td>\n<\/tr>\n<\/tbody>\n<\/table>\n<!-- #tablepress-7 from cache -->\n","protected":false},"excerpt":{"rendered":"","protected":false},"author":6,"featured_media":0,"parent":0,"menu_order":0,"comment_status":"closed","ping_status":"closed","template":"","meta":{"ngg_post_thumbnail":0,"_links_to":"","_links_to_target":""},"_links":{"self":[{"href":"https:\/\/gav.hr\/index.php?rest_route=\/wp\/v2\/pages\/37"}],"collection":[{"href":"https:\/\/gav.hr\/index.php?rest_route=\/wp\/v2\/pages"}],"about":[{"href":"https:\/\/gav.hr\/index.php?rest_route=\/wp\/v2\/types\/page"}],"author":[{"embeddable":true,"href":"https:\/\/gav.hr\/index.php?rest_route=\/wp\/v2\/users\/6"}],"replies":[{"embeddable":true,"href":"https:\/\/gav.hr\/index.php?rest_route=%2Fwp%2Fv2%2Fcomments&post=37"}],"version-history":[{"count":28,"href":"https:\/\/gav.hr\/index.php?rest_route=\/wp\/v2\/pages\/37\/revisions"}],"predecessor-version":[{"id":8883,"href":"https:\/\/gav.hr\/index.php?rest_route=\/wp\/v2\/pages\/37\/revisions\/8883"}],"wp:attachment":[{"href":"https:\/\/gav.hr\/index.php?rest_route=%2Fwp%2Fv2%2Fmedia&parent=37"}],"curies":[{"name":"wp","href":"https:\/\/api.w.org\/{rel}","templated":true}]}}