{"id":4857,"date":"2018-03-01T12:47:23","date_gmt":"2018-03-01T12:47:23","guid":{"rendered":"http:\/\/gav.hr\/?page_id=4857"},"modified":"2026-04-16T23:34:48","modified_gmt":"2026-04-16T21:34:48","slug":"pozivi-na-sjednice","status":"publish","type":"page","link":"https:\/\/gav.hr\/?page_id=4857","title":{"rendered":"Pozivi na sjednice"},"content":{"rendered":"<h4>\u0160kolska godina 2025.\/2026.<\/h4>\n<p><a href=\"http:\/\/gav.hr\/wp-content\/uploads\/2026\/04\/Pozivna10.sjednicuNastavnikogvijea.pdf\">Poziv na 10.sjednicu nastavni\u010dkog vije\u0107a<\/a><br \/>\n<a href=\"http:\/\/gav.hr\/wp-content\/uploads\/2026\/04\/Poziv-na-9.-sjednicu-Nastavnickog-vijeca-1.pdf\">Poziv na 9.sjednicu nastavni\u010dkog vije\u0107a<\/a><br \/>\n<a href=\"http:\/\/gav.hr\/wp-content\/uploads\/2026\/04\/Pozivna8.sjednicuNastavnikogvijea.pdf\">Poziv na 8.sjednicu nastavni\u010dkog vije\u0107a<\/a><br \/>\n<a href=\"http:\/\/gav.hr\/wp-content\/uploads\/2026\/04\/Pozivna7.sjednicuNastavnikogvijea.pdf\">Poziv na 7.sjednicu nastavni\u010dkog vije\u0107a<\/a><br \/>\n<a href=\"http:\/\/gav.hr\/wp-content\/uploads\/2026\/04\/Pozivna6.sjednicuNastavnikogvijea.pdf\">Poziv na 6.sjednicu nastavni\u010dkog vije\u0107a<\/a><br \/>\n<a href=\"http:\/\/gav.hr\/wp-content\/uploads\/2026\/04\/Pozivna5.sjednicuNastavnikogvijea.pdf\">Poziv na 5.sjednicu nastavni\u010dkog vije\u0107a<\/a><br \/>\n<a href=\"http:\/\/gav.hr\/wp-content\/uploads\/2026\/04\/Pozivna4.sjednicuNastavnikogvijea-1.pdf\">Poziv na 4.sjednicu nastavni\u010dkog vije\u0107a<\/a><br \/>\n<a href=\"http:\/\/gav.hr\/wp-content\/uploads\/2026\/04\/Pozivna3.sjednicuN.V.-1.pdf\">Poziv na 3.sjednicu nastavni\u010dkog vije\u0107a<\/a><br \/>\n<a href=\"http:\/\/gav.hr\/wp-content\/uploads\/2026\/04\/Pozivna2.sjednicuNastavnikogvijea-1.pdf\">Poziv na 2.sjednicu nastavni\u010dkog vije\u0107a<\/a><br \/>\n<a href=\"_wp_link_placeholder\" data-wplink-edit=\"true\">Poziv na 1.sjednicu nastavni\u010dkog vije\u0107a<\/a><\/p>\n<h4>\u0160kolska godina 2024.\/2025.<\/h4>\n<ol>\n<li><a href=\"http:\/\/gav.hr\/wp-content\/uploads\/2025\/03\/Poziv-na-1.-sjednicu-SKUPA-RADNIKA.pdf\">sjednica skupa radnika<\/a><\/li>\n<\/ol>\n<h4>\u0160kolska godina 2023.\/2024.<\/h4>\n<p><a href=\"http:\/\/gav.hr\/wp-content\/uploads\/2023\/11\/Poziv-na-5.-sjednicu-Nastavnickog-vijeca.pdf\">Poziv na 5. sjednicu nastavni\u010dkog vije\u0107a<\/a><br \/>\n<a href=\"http:\/\/gav.hr\/wp-content\/uploads\/2023\/11\/Poziv-na-1.-sjednicu-N.V..pdf\">Poziv na 1. sjednicu nastavni\u010dkog vije\u0107a<\/a><\/p>\n<h4><strong>\u0160kolska godina 2022.\/2023.<\/strong><\/h4>\n<p><a href=\"http:\/\/gav.hr\/wp-content\/uploads\/2023\/08\/Poziv-na-sjednicu-N.V..pdf\"><strong>24. kolovoza 2023. &#8211; 19. sjednica nastavni\u010dkog vije\u0107a<\/strong><\/a><br \/>\n<strong><a href=\"http:\/\/gav.hr\/wp-content\/uploads\/2023\/08\/Poziv-na-zajednicku-sjednicu.pdf\">24. kolovoza 2023. &#8211; Poziv na zajedni\u010dku sjednicu skupa radnika nastavni\u010dkog vije\u0107a<\/a><\/strong><br \/>\n<strong><a href=\"http:\/\/gav.hr\/wp-content\/uploads\/2022\/09\/Poziv-na-2.-sjednicu-Nastavnickog-vijeca.pdf\">4. listopada 2022. &#8211; 2. sjednica nastavni\u010dkog vije\u0107a<\/a><\/strong><br \/>\n<strong><a href=\"http:\/\/gav.hr\/wp-content\/uploads\/2022\/09\/1.-sjednica-NV.pdf\">1. rujna 2022. &#8211; 1. sjednica nastavni\u010dkog vije\u0107a<\/a><\/strong><\/p>\n<p><strong>\u0160kolska godina 2021.\/2022.<\/strong><\/p>\n<ul>\n<li><a href=\"http:\/\/gav.hr\/wp-content\/uploads\/2022\/09\/Poziv-na-12.-sjednicu-N.V.......87.2022..pdf\">8. srpnja 2022 &#8211; 12. sjednica nastavni\u010dkog vije\u0107a<\/a><\/li>\n<li><a href=\"http:\/\/gav.hr\/wp-content\/uploads\/2022\/06\/Poziv-na-11.-sjednicu-Nastavnickog-vijeca.pdf\">28. lipnja 2022. &#8211; 11. sjednica nastavni\u010dkog vije\u0107a<\/a><\/li>\n<li><a href=\"http:\/\/gav.hr\/wp-content\/uploads\/2022\/06\/Poziv-na-10.-sjednicu-Nastavnickog-vijeca.pdf\">24. lipnja &#8211; 10. sjednica nastavni\u010dkog vije\u0107a<\/a><\/li>\n<li><a href=\"http:\/\/gav.hr\/wp-content\/uploads\/2022\/06\/Poziv-na-9.-sjednicu-Nastavnickog-vijeca.pdf\">26. svibnja &#8211; 9. sjednica nastavni\u010dkog vije\u0107a<\/a><\/li>\n<li><a href=\"http:\/\/gav.hr\/wp-content\/uploads\/2022\/04\/Poziv-na-8.-sjednicu-Nastavnickog-vijeca.pdf\">21. travnja 2022. &#8211; 8. sjednica nastavni\u010dkog vije\u0107a<\/a><\/li>\n<li><a href=\"http:\/\/gav.hr\/wp-content\/uploads\/2022\/04\/Poziv-na-7.-sjednicu-N.V..pdf\">23. o\u017eujka 2022. &#8211; 7. sjednica nastavni\u010dkog vije\u0107a<\/a><\/li>\n<li><a href=\"http:\/\/gav.hr\/wp-content\/uploads\/2022\/04\/Poziv-na-6.-sjednicu-N.V..pdf\">21. velja\u010de 2022. &#8211; 6. sjednica nastavni\u010dkog vije\u0107a<\/a><\/li>\n<li><a href=\"http:\/\/gav.hr\/wp-content\/uploads\/2022\/04\/Poziv-na-5.-sjednicu-N.V..pdf\">9. velja\u010de 2022. &#8211; 5. sjednica nastavni\u010dkog vije\u0107a<\/a><\/li>\n<li><a href=\"http:\/\/gav.hr\/wp-content\/uploads\/2021\/11\/Poziv-na-3.-sjednicu-N.V.-1.pdf\">16. studenog 2021. &#8211; 3. sjednica nastavni\u010dkog vije\u0107a<\/a><\/li>\n<li><a href=\"http:\/\/gav.hr\/wp-content\/uploads\/2021\/10\/Poziv-na-2.-sjednicu-N.V..pdf\">5. listopada 2021. &#8211; 2. sjednica nastavni\u010dkog vije\u0107a<\/a><\/li>\n<li><a href=\"http:\/\/gav.hr\/wp-content\/uploads\/2021\/10\/Poziv-na-1.-sjednicu-N.V..pdf\">2. rujna 2021. &#8211; 1. sjednica nastavni\u010dkog vije\u0107a<\/a><\/li>\n<\/ul>\n<p><strong>\u0160kolska godina 2020.\/2021.<\/strong><\/p>\n<ul>\n<li><a href=\"http:\/\/gav.hr\/wp-content\/uploads\/2021\/06\/Poziv-na-13.-sjednicu-N.V..pdf\">28. lipnja 2021. &#8211; 13. sjednica nastavni\u010dkog vije\u0107a<\/a><\/li>\n<li><a href=\"http:\/\/gav.hr\/wp-content\/uploads\/2021\/06\/Poziv-na-12.-sjednicu-N.V..pdf\">23. lipnja 2021. &#8211; 12. sjednica nastavni\u010dkog vije\u0107a<\/a><\/li>\n<li><a href=\"http:\/\/gav.hr\/wp-content\/uploads\/2021\/04\/Scan_0018.pdf\">12. travnja 2021. &#8211; 9. sjednica Nastavni\u010dkog vije\u0107a<\/a><\/li>\n<li><a href=\"http:\/\/gav.hr\/wp-content\/uploads\/2021\/02\/Poziv-na-8.-sjednicu-N.V..pdf\">9. velja\u010de 2021. &#8211; 8. sjednica Nastavni\u010dkog vije\u0107a<\/a><\/li>\n<li><a href=\"http:\/\/gav.hr\/wp-content\/uploads\/2020\/12\/Poziv-na-sjednice-Razrednih-vije\u0107a-i-poziv-na-sjednicu-Nastavni\u010dkog-vije\u0107a.pdf\">29. prosinca 2020. &#8211; 7. sjednica Nastavni\u010dkog vije\u0107a<\/a><\/li>\n<li><a href=\"http:\/\/gav.hr\/wp-content\/uploads\/2020\/11\/Poziv-na-6-sjednicu-N.V.-2020.docx\">26. studenog 2020. &#8211; 6. sjednica Nastavni\u010dkog vije\u0107a<\/a><\/li>\n<li><a href=\"http:\/\/gav.hr\/wp-content\/uploads\/2020\/11\/Poziv-na-5-sjednicu-N.V.-2020.docx\">6. studenog 2020. &#8211; 5. sjednica Nastavni\u010dkog vije\u0107a<\/a><\/li>\n<li><a href=\"http:\/\/gav.hr\/wp-content\/uploads\/2020\/10\/Poziv-na-4.-sjednicu-Nastavni\u010dkog-vije\u0107a.pdf\">13.listopada 2020. &#8211; 4. sjednica Nastavni\u010dkog vije\u0107a<\/a><\/li>\n<li><a href=\"http:\/\/gav.hr\/wp-content\/uploads\/2020\/10\/Poziv-na-3-sjednicu-N.V.-2020-2.docx\">5. listopada 2020. &#8211; 3. sjednica Nastavni\u010dkog vije\u0107a<\/a><\/li>\n<\/ul>\n<p><strong>\u0160kolska godina 2019.\/2020.<\/strong><\/p>\n<p><strong><a href=\"http:\/\/gav.hr\/wp-content\/uploads\/2019\/09\/Poziv-na-2.-sjednicu-N.V..pdf\">2. listopada 2019. &#8211; 2. sjednica Nastavni\u010dkog vije\u0107a<\/a><\/strong><\/p>\n<p><strong>\u0160kolska godina 2018.\/2019.<\/strong><\/p>\n<p><a href=\"http:\/\/gav.hr\/wp-content\/uploads\/2019\/08\/poziv-na-19-sjednicu-N.V.-2019.pdf\">3<\/a><a href=\"http:\/\/gav.hr\/wp-content\/uploads\/2019\/08\/poziv-na-19-sjednicu-N.V.-2019.pdf\">0. kolovoza 2019. &#8211; 19. sjednica Nastavni\u010dkog vije\u0107a<\/a><\/p>\n<p><a href=\"http:\/\/gav.hr\/wp-content\/uploads\/2019\/08\/Poziv-Skup-radnika-2019.pdf\">28. kolovoza 2019. &#8211; sjednica Skupa radnika<\/a><\/p>\n<p><a href=\"http:\/\/gav.hr\/wp-content\/uploads\/2019\/08\/Poziv-18-sjednica-NV-2019.pdf\">28. kolovoza 2019. &#8211; 18. sjednica Nastavni\u010dkog vije\u0107a<\/a><\/p>\n<p><a href=\"http:\/\/gav.hr\/wp-content\/uploads\/2019\/08\/Poziv-na-zajedni\u010dku-sjednicu.pdf\">28. kolovoza 2019. &#8211; zajedni\u010dka sjednica Nastavni\u010dkog vije\u0107a, \u0160kolskog odbora i Skupa radnika<\/a><\/p>\n<p><a href=\"http:\/\/gav.hr\/wp-content\/uploads\/2019\/07\/16_sj_NV.pdf\">19. kolovoza 2019. &#8211; 16. sjednica Nastavni\u010dkog vije\u0107a<\/a><\/p>\n<p><a href=\"http:\/\/gav.hr\/wp-content\/uploads\/2019\/03\/Poziv-na-9.-sjednicu-N.V..pdf\">28. o\u017eujka 2019. &#8211; 9. sjednica Nastavni\u010dkog vije\u0107a<\/a><\/p>\n<p><a href=\"http:\/\/gav.hr\/wp-content\/uploads\/2018\/11\/Poziv-na-5.-sjednicu-N.V.pdf\">21. studenog 2018. &#8211; 5. sjednica Nastavni\u010dkog vije\u0107a<\/a><\/p>\n<p><a href=\"http:\/\/gav.hr\/wp-content\/uploads\/2018\/10\/Poziv-na-4.-sjednicu-N.V..pdf\">12. listopada 2018. &#8211; 4. sjednica Nastavni\u010dkog vije\u0107a<\/a><\/p>\n<p><a href=\"http:\/\/gav.hr\/wp-content\/uploads\/2018\/10\/Poziv-na-3.-sjednicu-N.V..pdf\">4. listopada 2018. &#8211; 3. sjednica Nastavni\u010dkog vije\u0107a<\/a><\/p>\n<p><a href=\"http:\/\/gav.hr\/wp-content\/uploads\/2018\/09\/Poziv-na-2.-sjednicu-N.V..pdf\">27. rujna 2018. &#8211; 2. sjednica Nastavni\u010dkog vije\u0107a<\/a><\/p>\n<p>&nbsp;<\/p>\n<p><strong>\u0160kolska godina 2017.\/2018.<\/strong><\/p>\n<p><a href=\"http:\/\/gav.hr\/wp-content\/uploads\/2018\/03\/Poziv-na-sjednicu.docx\">11.srpnja 2018. &#8211; Sjednica Nastavni\u010dkog vije\u0107a<\/a><\/p>\n<p><a href=\"http:\/\/gav.hr\/wp-content\/uploads\/2018\/03\/Poziv-na-sjednicu-LOGO-1-2.docx\">1. lipnja 2018. &#8211; Sjednica Nastavni\u010dkog vije\u0107a<\/a><\/p>\n<p><a href=\"http:\/\/gav.hr\/wp-content\/uploads\/2018\/03\/Poziv-na-sjednicu-LOGO.docx\">25. svibnja 2018. &#8211; Sjednica Nastavni\u010dkog vije\u0107a<\/a><\/p>\n<p><a href=\"http:\/\/gav.hr\/wp-content\/uploads\/2018\/03\/Sjednica-verifikacija-NOVO.docx\">23.svibnja 2018. &#8211; Sjednica Nastavni\u010dkog vije\u0107a<\/a><\/p>\n<p><a href=\"http:\/\/gav.hr\/wp-content\/uploads\/2018\/03\/SJEDNICA-N.V.-2018.-2.pdf\">11.travnja 2018. &#8211; Sjednica Nastavni\u010dkog vije\u0107a<\/a><\/p>\n<p><a href=\"http:\/\/gav.hr\/wp-content\/uploads\/2018\/03\/Poziv-sjednica-Nastavni\u010dkog-vije\u0107a2.docx\">22.o\u017eujka 2018. &#8211; Sjednica Nastavni\u010dkog vije\u0107a<\/a><\/p>\n<p><a href=\"http:\/\/gav.hr\/wp-content\/uploads\/2018\/03\/Poziv-sjednica-Nastavni\u010dkog-vije\u0107a1.docx\">9.o\u017eujka 2018. &#8211; Sjednica Nastavni\u010dkog vije\u0107a<\/a><\/p>\n<p><a href=\"http:\/\/gav.hr\/wp-content\/uploads\/2018\/03\/Poziv-sjednica-Nastavni\u010dkog-vije\u0107a.docx\">6. o\u017eujka 2018. &#8211; Sjednica Nastavni\u010dkog vije\u0107a<\/a><\/p>\n<p><a href=\"http:\/\/gav.hr\/wp-content\/uploads\/2018\/03\/Projektni-tim-poziv.docx\">Sastanak projektnog tima<\/a><\/p>\n","protected":false},"excerpt":{"rendered":"<p>\u0160kolska godina 2025.\/2026. Poziv na 10.sjednicu nastavni\u010dkog vije\u0107a Poziv na 9.sjednicu nastavni\u010dkog vije\u0107a Poziv na 8.sjednicu nastavni\u010dkog vije\u0107a Poziv na 7.sjednicu nastavni\u010dkog vije\u0107a Poziv na 6.sjednicu nastavni\u010dkog vije\u0107a Poziv na 5.sjednicu nastavni\u010dkog vije\u0107a Poziv na 4.sjednicu nastavni\u010dkog vije\u0107a Poziv na 3.sjednicu nastavni\u010dkog vije\u0107a Poziv na 2.sjednicu nastavni\u010dkog vije\u0107a Poziv na 1.sjednicu nastavni\u010dkog vije\u0107a \u0160kolska godina&hellip;<\/p>\n","protected":false},"author":2,"featured_media":0,"parent":0,"menu_order":0,"comment_status":"closed","ping_status":"closed","template":"","meta":{"ngg_post_thumbnail":0,"_links_to":"","_links_to_target":""},"_links":{"self":[{"href":"https:\/\/gav.hr\/index.php?rest_route=\/wp\/v2\/pages\/4857"}],"collection":[{"href":"https:\/\/gav.hr\/index.php?rest_route=\/wp\/v2\/pages"}],"about":[{"href":"https:\/\/gav.hr\/index.php?rest_route=\/wp\/v2\/types\/page"}],"author":[{"embeddable":true,"href":"https:\/\/gav.hr\/index.php?rest_route=\/wp\/v2\/users\/2"}],"replies":[{"embeddable":true,"href":"https:\/\/gav.hr\/index.php?rest_route=%2Fwp%2Fv2%2Fcomments&post=4857"}],"version-history":[{"count":68,"href":"https:\/\/gav.hr\/index.php?rest_route=\/wp\/v2\/pages\/4857\/revisions"}],"predecessor-version":[{"id":13856,"href":"https:\/\/gav.hr\/index.php?rest_route=\/wp\/v2\/pages\/4857\/revisions\/13856"}],"wp:attachment":[{"href":"https:\/\/gav.hr\/index.php?rest_route=%2Fwp%2Fv2%2Fmedia&parent=4857"}],"curies":[{"name":"wp","href":"https:\/\/api.w.org\/{rel}","templated":true}]}}