{"id":6044,"date":"2019-01-28T20:27:51","date_gmt":"2019-01-28T20:27:51","guid":{"rendered":"http:\/\/gav.hr\/?page_id=6044"},"modified":"2020-10-22T22:14:37","modified_gmt":"2020-10-22T20:14:37","slug":"vijece-ucenika","status":"publish","type":"page","link":"https:\/\/gav.hr\/?page_id=6044","title":{"rendered":"Sjednice Vije\u0107a u\u010denika"},"content":{"rendered":"<h4><span style=\"color: #000000;\"><strong>\u0160KOLSKA GODINA 2020.\/21.<\/strong><\/span><\/h4>\n<p><a href=\"http:\/\/gav.hr\/wp-content\/uploads\/2020\/10\/Vije\u0107e-u\u010denika-konstituiraju\u0107a-sjednica-poziv-2020.docx\">2. listopada 2020. &#8211; konstituiraju\u0107a sjednica vije\u0107a u\u010denika<\/a><\/p>\n<h4><span style=\"color: #000000;\"><strong>\u0160KOLSKA GODINA 2018.\/19.<\/strong><\/span><\/h4>\n<p><strong>13.12.2018., 5. sjednica Vije\u0107a u\u010denika<\/strong><br \/>\nOdr\u017eana je sjednica u vezi projekta koji se bavi problemom rje\u0161avanja plastike i plasti\u010dnog otpada u na\u0161em gradu. Profesorica Franka Bujas obja\u0161njava u\u010denicima cijeli projekt.<\/p>\n<p><strong>22.11.2018., 4. Sjednica Vije\u0107a u\u010denika<\/strong><br \/>\nSjednici je prisustvovala \u0161kolska pedagoginja zbog obilje\u017eavanja Mjeseca borbe protiv ovisnosti. Zaklju\u010deno je da \u0107e u\u010denici prvih i drugih razreda provesti i obraditi ankete o rasprostranjenosti ovisnosti me\u0111u u\u010denicima, a tre\u0107a\u0161i i maturanti \u0107e u kvizu provjeriti svoje znanje o ovisnostima. Tako\u0111er je svaki predstavnik du\u017ean popisati slobodne aktivnosti i hobije svakog u\u010denika te to predati pedagoginji.<\/p>\n<p><strong>15.11.2018., 3. Sjednica Vije\u0107a u\u010denika<\/strong><br \/>\nOdr\u017eana je sjednica u vezi obilje\u017eavanja Dana sje\u0107anja na Vukovar u petak, 16. studenog. Profesorica Jasminka Pai\u0107 obavje\u0161tava u\u010denike o tijeku Komemoracije. Svaki razred je du\u017ean donijeti deset lampiona te tri u\u010denika iz svakog razreda mogu do\u0107i na komemoraciju u Crtaoni.<\/p>\n<p><strong>25.10.2018., 2. Sjednica Vije\u0107a u\u010denika<\/strong><br \/>\nOdr\u017eana je sjednica u vezi glazbeno-humanitarne manifestacije Vrana. U\u010denici se pozivaju na sudjelovanje u organizaciji. Raspravlja se o dovo\u0111enju gosta, repera Kre\u0161e Bengalke, na \u0161to su nazo\u010dni u\u010denici vrlo pozitivno reagirali.<\/p>\n<p><strong>27.9.2018., 1. Sjednica Vije\u0107a u\u010denika<\/strong><br \/>\nOdr\u017eana je sjednica u vezi tradicionalnih obilje\u017eavanja Dana kruha, Dana u\u010ditelja i Dana pje\u0161a\u010denja. Ove godine sva tri dana \u0107e se obilje\u017eavati u isto vrijeme, 5. listopada u dvori\u0161tu iza \u0160kole. Svi u\u010denici idu zajedno s razrednicima i profesorima pje\u0161a\u010diti na brdo iznad \u0161kole od 09:00 do 09:45, nakon \u010dega po\u010dinje \u010da\u0161\u0107enje. Svaki \u0161tand treba imati svoja \u010detiri predstavnika koji \u0107e imati temu s hranom. Komisija (prof. Ivan Pra\u017een, prof. Jasminka Pai\u0107, prof. Irena Palini\u0107, u\u010d. Ana Grbac) odabire najbolje \u0161tandove koji dobivaju nagrade. Preostala hrana se donira u humanitarne svrhe.<\/p>\n","protected":false},"excerpt":{"rendered":"<p>\u0160KOLSKA GODINA 2020.\/21. 2. listopada 2020. &#8211; konstituiraju\u0107a sjednica vije\u0107a u\u010denika \u0160KOLSKA GODINA 2018.\/19. 13.12.2018., 5. sjednica Vije\u0107a u\u010denika Odr\u017eana je sjednica u vezi projekta koji se bavi problemom rje\u0161avanja plastike i plasti\u010dnog otpada u na\u0161em gradu. Profesorica Franka Bujas obja\u0161njava u\u010denicima cijeli projekt. 22.11.2018., 4. Sjednica Vije\u0107a u\u010denika Sjednici je prisustvovala \u0161kolska pedagoginja zbog&hellip;<\/p>\n","protected":false},"author":2,"featured_media":0,"parent":0,"menu_order":0,"comment_status":"closed","ping_status":"closed","template":"","meta":{"ngg_post_thumbnail":0,"_links_to":"","_links_to_target":""},"_links":{"self":[{"href":"https:\/\/gav.hr\/index.php?rest_route=\/wp\/v2\/pages\/6044"}],"collection":[{"href":"https:\/\/gav.hr\/index.php?rest_route=\/wp\/v2\/pages"}],"about":[{"href":"https:\/\/gav.hr\/index.php?rest_route=\/wp\/v2\/types\/page"}],"author":[{"embeddable":true,"href":"https:\/\/gav.hr\/index.php?rest_route=\/wp\/v2\/users\/2"}],"replies":[{"embeddable":true,"href":"https:\/\/gav.hr\/index.php?rest_route=%2Fwp%2Fv2%2Fcomments&post=6044"}],"version-history":[{"count":6,"href":"https:\/\/gav.hr\/index.php?rest_route=\/wp\/v2\/pages\/6044\/revisions"}],"predecessor-version":[{"id":8469,"href":"https:\/\/gav.hr\/index.php?rest_route=\/wp\/v2\/pages\/6044\/revisions\/8469"}],"wp:attachment":[{"href":"https:\/\/gav.hr\/index.php?rest_route=%2Fwp%2Fv2%2Fmedia&parent=6044"}],"curies":[{"name":"wp","href":"https:\/\/api.w.org\/{rel}","templated":true}]}}